{"id":1229,"date":"2021-11-06T11:42:57","date_gmt":"2021-11-06T11:42:57","guid":{"rendered":"http:\/\/www.entretalent.com\/consultoria-i-formacio\/"},"modified":"2025-02-10T11:05:19","modified_gmt":"2025-02-10T11:05:19","slug":"consultoria-i-formacio","status":"publish","type":"page","link":"https:\/\/www.entretalent.com\/ca\/consultoria-i-formacio\/","title":{"rendered":"Consultoria i formaci\u00f3"},"content":{"rendered":"<p>[et_pb_section fb_built=&#8221;1&#8243; fullwidth=&#8221;on&#8221; admin_label=&#8221;Hero&#8221; _builder_version=&#8221;4.16&#8243; background_enable_image=&#8221;off&#8221; parallax=&#8221;on&#8221; global_colors_info=&#8221;{}&#8221;][et_pb_fullwidth_header content_max_width=&#8221;700px&#8221; _builder_version=&#8221;4.16&#8243; title_font=&#8221;Gadugi|700|||||||&#8221; title_font_size=&#8221;40px&#8221; title_line_height=&#8221;1.7em&#8221; content_font=&#8221;Nunito|600|||||||&#8221; content_font_size=&#8221;20px&#8221; subhead_font=&#8221;Gadugi|700|||||||&#8221; subhead_font_size=&#8221;30px&#8221; subhead_line_height=&#8221;1.8em&#8221; background_color=&#8221;rgba(0,0,0,0)&#8221; use_background_color_gradient=&#8221;on&#8221; background_color_gradient_direction=&#8221;220deg&#8221; background_color_gradient_stops=&#8221;rgba(53,80,160,0.27) 0%|#ffffff 100%&#8221; background_color_gradient_overlays_image=&#8221;on&#8221; background_color_gradient_start=&#8221;rgba(53,80,160,0.27)&#8221; background_color_gradient_end=&#8221;#ffffff&#8221; custom_button_one=&#8221;on&#8221; button_one_text_size=&#8221;16px&#8221; button_one_text_color=&#8221;#3550a0&#8243; button_one_bg_color=&#8221;#ffffff&#8221; button_one_border_width=&#8221;10px&#8221; button_one_border_color=&#8221;rgba(210,159,104,0)&#8221; button_one_border_radius=&#8221;100px&#8221; button_one_font=&#8221;Lato|900|||||||&#8221; button_one_use_icon=&#8221;off&#8221; custom_button_two=&#8221;on&#8221; button_two_text_size=&#8221;16px&#8221; button_two_text_color=&#8221;#ffffff&#8221; button_two_bg_color=&#8221;rgba(255,255,255,0.15)&#8221; button_two_border_width=&#8221;10px&#8221; button_two_border_color=&#8221;rgba(210,159,104,0)&#8221; button_two_border_radius=&#8221;100px&#8221; button_two_font=&#8221;Lato|900|||||||&#8221; button_two_use_icon=&#8221;off&#8221; custom_margin=&#8221;|||&#8221; custom_padding=&#8221;0vw||0vw||false|false&#8221; custom_padding_tablet=&#8221;20vw||20vw||true&#8221; custom_padding_phone=&#8221;20vw||20vw||true&#8221; custom_padding_last_edited=&#8221;on|desktop&#8221; title_font_size_tablet=&#8221;50px&#8221; title_font_size_phone=&#8221;32px&#8221; title_font_size_last_edited=&#8221;on|tablet&#8221; button_one_text_color_hover=&#8221;#3550a0&#8243; button_two_text_color_hover=&#8221;#ffffff&#8221; button_one_bg_color_hover=&#8221;rgba(255,255,255,0.8)&#8221; button_two_bg_color_hover=&#8221;rgba(255,255,255,0.3)&#8221; global_colors_info=&#8221;{}&#8221; button_one_text_size__hover_enabled=&#8221;off&#8221; button_two_text_size__hover_enabled=&#8221;off&#8221; button_one_text_color__hover_enabled=&#8221;on&#8221; button_one_text_color__hover=&#8221;#3550a0&#8243; button_two_text_color__hover_enabled=&#8221;on&#8221; button_two_text_color__hover=&#8221;#ffffff&#8221; button_one_border_width__hover_enabled=&#8221;off&#8221; button_two_border_width__hover_enabled=&#8221;off&#8221; button_one_border_color__hover_enabled=&#8221;off&#8221; button_two_border_color__hover_enabled=&#8221;off&#8221; button_one_border_radius__hover_enabled=&#8221;off&#8221; button_two_border_radius__hover_enabled=&#8221;off&#8221; button_one_letter_spacing__hover_enabled=&#8221;off&#8221; button_two_letter_spacing__hover_enabled=&#8221;off&#8221; button_one_bg_color__hover_enabled=&#8221;on&#8221; button_one_bg_color__hover=&#8221;rgba(255,255,255,0.8)&#8221; button_two_bg_color__hover_enabled=&#8221;on&#8221; button_two_bg_color__hover=&#8221;rgba(255,255,255,0.3)&#8221;]<\/p>\n<h1><span style=\"color: #008000;\">Consul<\/span><span style=\"color: #ff6600;\">T<\/span><span style=\"color: #008000;\">oria i Formaci\u00f3<\/span><\/h1>\n<p>[\/et_pb_fullwidth_header][\/et_pb_section][et_pb_section fb_built=&#8221;1&#8243; disabled_on=&#8221;off|off|off&#8221; admin_label=&#8221;About&#8221; _builder_version=&#8221;4.16&#8243; custom_padding=&#8221;22px||0px|||&#8221; global_colors_info=&#8221;{}&#8221;][et_pb_row _builder_version=&#8221;4.16&#8243; background_color=&#8221;#009900&#8243; background_image=&#8221;http:\/\/www.entretalent.com\/wp-content\/uploads\/2020\/03\/consultoria-formacion.jpg&#8221; min_height=&#8221;140px&#8221; custom_padding=&#8221;10px||0px||false|false&#8221; global_colors_info=&#8221;{}&#8221;][et_pb_column type=&#8221;4_4&#8243; _builder_version=&#8221;4.16&#8243; background_color=&#8221;rgba(0,0,0,0)&#8221; background_enable_image=&#8221;off&#8221; background_size=&#8221;initial&#8221; background_blend=&#8221;lighten&#8221; custom_padding=&#8221;0px||||false|false&#8221; global_colors_info=&#8221;{}&#8221; custom_padding__hover=&#8221;|||&#8221;][et_pb_cta button_url=&#8221;#top&#8221; admin_label=&#8221;CTA&#8221; _builder_version=&#8221;4.16&#8243; header_font=&#8221;Gadugi|700|||||||&#8221; header_text_color=&#8221;#ff6600&#8243; header_font_size=&#8221;40px&#8221; header_line_height=&#8221;1.5em&#8221; body_font=&#8221;Gadugi|700|||||||&#8221; body_text_color=&#8221;#ff6600&#8243; body_font_size=&#8221;20px&#8221; background_color=&#8221;rgba(255,255,255,0.8)&#8221; background_enable_image=&#8221;off&#8221; background_blend=&#8221;lighten&#8221; custom_button=&#8221;on&#8221; button_text_size=&#8221;16px&#8221; button_text_color=&#8221;#ffffff&#8221; button_bg_color=&#8221;rgba(255,255,255,0.1)&#8221; button_border_width=&#8221;10px&#8221; button_border_color=&#8221;rgba(210,159,104,0)&#8221; button_border_radius=&#8221;100px&#8221; button_font=&#8221;Lato|900|||||||&#8221; button_use_icon=&#8221;off&#8221; background_layout=&#8221;light&#8221; max_width=&#8221;900px&#8221; max_width_last_edited=&#8221;off|desktop&#8221; module_alignment=&#8221;center&#8221; min_height=&#8221;0px&#8221; custom_padding=&#8221;0px||0px||true|false&#8221; animation_style=&#8221;zoom&#8221; animation_intensity_zoom=&#8221;2%&#8221; header_font_size_tablet=&#8221;30px&#8221; header_font_size_phone=&#8221;24px&#8221; header_font_size_last_edited=&#8221;on|phone&#8221; box_shadow_style=&#8221;preset3&#8243; box_shadow_vertical=&#8221;100px&#8221; box_shadow_blur=&#8221;100px&#8221; box_shadow_spread=&#8221;-60px&#8221; button_text_color_hover=&#8221;#3550a0&#8243; button_bg_color_hover=&#8221;#ffffff&#8221; global_colors_info=&#8221;{}&#8221; button_text_size__hover_enabled=&#8221;off&#8221; button_one_text_size__hover_enabled=&#8221;off&#8221; button_two_text_size__hover_enabled=&#8221;off&#8221; button_text_color__hover_enabled=&#8221;on&#8221; button_text_color__hover=&#8221;#3550a0&#8243; button_one_text_color__hover_enabled=&#8221;off&#8221; button_two_text_color__hover_enabled=&#8221;off&#8221; button_border_width__hover_enabled=&#8221;off&#8221; button_one_border_width__hover_enabled=&#8221;off&#8221; button_two_border_width__hover_enabled=&#8221;off&#8221; button_border_color__hover_enabled=&#8221;off&#8221; button_one_border_color__hover_enabled=&#8221;off&#8221; button_two_border_color__hover_enabled=&#8221;off&#8221; button_border_radius__hover_enabled=&#8221;off&#8221; button_one_border_radius__hover_enabled=&#8221;off&#8221; button_two_border_radius__hover_enabled=&#8221;off&#8221; button_letter_spacing__hover_enabled=&#8221;off&#8221; button_one_letter_spacing__hover_enabled=&#8221;off&#8221; button_two_letter_spacing__hover_enabled=&#8221;off&#8221; button_bg_color__hover_enabled=&#8221;on&#8221; button_bg_color__hover=&#8221;#ffffff&#8221; button_one_bg_color__hover_enabled=&#8221;off&#8221; button_two_bg_color__hover_enabled=&#8221;off&#8221;]<\/p>\n<h2>ENTREnem i ENTREllacem<\/h2>\n<p>compet\u00e8ncies per aportar valor i benestar als teus empleats i clients.<\/p>\n<p>[\/et_pb_cta][\/et_pb_column][\/et_pb_row][et_pb_row _builder_version=&#8221;4.16&#8243; global_colors_info=&#8221;{}&#8221;][et_pb_column type=&#8221;4_4&#8243; _builder_version=&#8221;4.16&#8243; custom_padding=&#8221;|||&#8221; global_colors_info=&#8221;{}&#8221; custom_padding__hover=&#8221;|||&#8221;][et_pb_text _builder_version=&#8221;4.16&#8243; text_font=&#8221;Gadugi||||||||&#8221; text_font_size=&#8221;16px&#8221; text_line_height=&#8221;1.8em&#8221; header_font=&#8221;Gadugi||||||||&#8221; header_2_font=&#8221;Gadugi|700|||||||&#8221; header_2_font_size=&#8221;40px&#8221; header_2_line_height=&#8221;1.5em&#8221; header_3_font=&#8221;Gadugi|700|||||||&#8221; header_3_text_align=&#8221;center&#8221; header_3_line_height=&#8221;1.5em&#8221; header_6_font=&#8221;||||||||&#8221; max_width=&#8221;987px&#8221; max_width_last_edited=&#8221;off|desktop&#8221; custom_margin=&#8221;|||&#8221; custom_padding=&#8221;|||86px||&#8221; custom_padding_tablet=&#8221;&#8221; custom_padding_phone=&#8221;|||0px|false|false&#8221; custom_padding_last_edited=&#8221;on|phone&#8221; header_2_font_size_tablet=&#8221;30px&#8221; header_2_font_size_phone=&#8221;24px&#8221; header_2_font_size_last_edited=&#8221;on|phone&#8221; locked=&#8221;off&#8221; global_colors_info=&#8221;{}&#8221;]<\/p>\n<h3 center=\"\" 22=\"\">\u00a0Necessites reduir la rotaci\u00f3 de personal i retenir al m\u00e0xim al talent a la teva empresa?<\/h3>\n<h3 center=\"\" 22=\"\">Has de \u00a0millorar l&#8217;acompliment de la plantilla per a afrontar millor els canvis?<\/h3>\n<h3 center=\"\" 22=\"\">La teva companyia necessita innovar i busques fomentar la creativitat dels empleats?<\/h3>\n<h3 center=\"\" 22=\"\">Necessites implantar accions de promoci\u00f3 de salut mental i benestar laboral?<\/h3>\n<p>[\/et_pb_text][\/et_pb_column][\/et_pb_row][\/et_pb_section][et_pb_section fb_built=&#8221;1&#8243; disabled_on=&#8221;off|off|off&#8221; admin_label=&#8221;About&#8221; _builder_version=&#8221;4.16&#8243; background_color=&#8221;#ffffff&#8221; use_background_color_gradient=&#8221;on&#8221; background_color_gradient_stops=&#8221;#ffffff 0%|rgba(0,0,0,0) 100%&#8221; background_color_gradient_overlays_image=&#8221;on&#8221; background_color_gradient_start=&#8221;#ffffff&#8221; background_color_gradient_end=&#8221;rgba(0,0,0,0)&#8221; background_image=&#8221;http:\/\/www.entretalent.com\/wp-content\/uploads\/2020\/03\/neurona.jpg&#8221; custom_padding=&#8221;0px||0px|||&#8221; global_colors_info=&#8221;{}&#8221;][et_pb_row column_structure=&#8221;2_5,3_5&#8243; _builder_version=&#8221;4.16&#8243; module_alignment=&#8221;center&#8221; custom_margin=&#8221;|auto||207px||&#8221; custom_padding=&#8221;27px|||||&#8221; global_colors_info=&#8221;{}&#8221;][et_pb_column type=&#8221;2_5&#8243; _builder_version=&#8221;4.16&#8243; custom_padding=&#8221;|||&#8221; global_colors_info=&#8221;{}&#8221; custom_padding__hover=&#8221;|||&#8221;][et_pb_text _builder_version=&#8221;4.16&#8243; text_font=&#8221;Gadugi||||||||&#8221; text_text_color=&#8221;#000000&#8243; text_font_size=&#8221;22px&#8221; text_line_height=&#8221;1.8em&#8221; header_font=&#8221;||||||||&#8221; header_3_font=&#8221;Lato|700||on|||||&#8221; header_3_text_color=&#8221;#3550a0&#8243; header_3_font_size=&#8221;24px&#8221; header_3_line_height=&#8221;1.7em&#8221; header_6_font=&#8221;||||||||&#8221; background_color=&#8221;rgba(255,255,255,0.7)&#8221; max_width=&#8221;627px&#8221; max_width_last_edited=&#8221;off|desktop&#8221; custom_margin=&#8221;|||0px|false|false&#8221; custom_padding=&#8221;20px|20px|20px|20px|false|false&#8221; header_3_font_size_tablet=&#8221;&#8221; header_3_font_size_phone=&#8221;20px&#8221; header_3_font_size_last_edited=&#8221;on|desktop&#8221; locked=&#8221;off&#8221; global_colors_info=&#8221;{}&#8221;]<\/p>\n<p justify=\"\" 22=\"\">Aportem <strong>m\u00e9s de 25 anys<\/strong> de dedicaci\u00f3 professional <strong>en el desenvolupament de recursos humans<\/strong> juntament amb l&#8217;experi\u00e8ncia en projectes d&#8217;<strong>innovaci\u00f3<\/strong> multidisciplinars, per a empreses nacionals i internacionals de diferents sectors.<\/p>\n<p justify=\"\" 22=\"\">Impulsem el <strong>desenvolupament del servei<\/strong> i l&#8217;<strong>atenci\u00f3 de l&#8217;empleat i el client<\/strong> per a generar millors experi\u00e8ncies,\u00a0 <strong>augmentar beneficis<\/strong> i incrementar el <strong>benestar psicosocial <\/strong>en entorns laborals<strong>.<\/strong><\/p>\n<p>[\/et_pb_text][\/et_pb_column][et_pb_column type=&#8221;3_5&#8243; _builder_version=&#8221;4.16&#8243; custom_padding=&#8221;|||&#8221; global_colors_info=&#8221;{}&#8221; custom_padding__hover=&#8221;|||&#8221;][et_pb_text _builder_version=&#8221;4.27.2&#8243; text_font=&#8221;Gadugi|700|||||||&#8221; text_font_size=&#8221;22px&#8221; text_line_height=&#8221;1.5em&#8221; ul_font=&#8221;Gadugi||||||||&#8221; ul_font_size=&#8221;22px&#8221; ul_line_height=&#8221;1.8em&#8221; header_font=&#8221;Gadugi||||||||&#8221; header_3_font=&#8221;Gadugi|700||on|||||&#8221; header_3_text_color=&#8221;#3550a0&#8243; header_3_font_size=&#8221;25px&#8221; header_3_line_height=&#8221;1.7em&#8221; header_6_font=&#8221;||||||||&#8221; background_color=&#8221;rgba(255,255,255,0.7)&#8221; max_width=&#8221;600px&#8221; max_width_last_edited=&#8221;off|desktop&#8221; custom_margin=&#8221;|0px|||false|false&#8221; custom_padding=&#8221;13px|40px|13px|40px|true|true&#8221; header_3_font_size_tablet=&#8221;&#8221; header_3_font_size_phone=&#8221;20px&#8221; header_3_font_size_last_edited=&#8221;on|desktop&#8221; locked=&#8221;off&#8221; global_colors_info=&#8221;{}&#8221;]<\/p>\n<h3 style=\"text-align: center;\"><span style=\"color: #008000;\">consultoria i formaci\u00f3<\/span><\/h3>\n<ul>\n<li><span style=\"font-size: 22px;\">Experi\u00e8ncia d&#8217;empleat i Employer branding.<\/span><\/li>\n<li>Prevenci\u00f3 de l&#8217;estr\u00e8s i burnout.<\/li>\n<li>Lideratge saludable.<\/li>\n<li><span style=\"font-size: 22px;\">Entrenament per a la gesti\u00f3 del canvi.<\/span><\/li>\n<li>Desenvolupament de l&#8217;experi\u00e8ncia de client.<\/li>\n<li><span style=\"font-size: 22px;\">Desenvolupament de la comunicaci\u00f3 interna, cohesi\u00f3 d&#8217;equips, motivaci\u00f3 i engagement.<\/span><\/li>\n<li><span style=\"font-size: 22px;\">Desenvolupament de la creativitat i innovaci\u00f3,\u00a0 \u00a0 \u00a0<\/span><span style=\"font-size: 22px;\">co-creation labs.<\/span><\/li>\n<li>H\u00e0bits\u00a0 de salut mental laboral.<\/li>\n<li>Mentoring per a directius i executius.<\/li>\n<\/ul>\n<p>[\/et_pb_text][\/et_pb_column][\/et_pb_row][\/et_pb_section][et_pb_section fb_built=&#8221;1&#8243; admin_label=&#8221;Testimonials&#8221; _builder_version=&#8221;4.16&#8243; custom_padding=&#8221;||0px|||&#8221; global_colors_info=&#8221;{}&#8221;][et_pb_row _builder_version=&#8221;4.16&#8243; global_colors_info=&#8221;{}&#8221;][et_pb_column type=&#8221;4_4&#8243; _builder_version=&#8221;4.16&#8243; global_colors_info=&#8221;{}&#8221;][et_pb_text _builder_version=&#8221;4.16&#8243; header_3_font=&#8221;Gadugi|||on|||||&#8221; header_3_text_color=&#8221;#ff6400&#8243; header_3_font_size=&#8221;30px&#8221; global_colors_info=&#8221;{}&#8221;]<\/p>\n<h3 style=%22text-align: center;%22>opinions<\/h3>\n<p>[\/et_pb_text][\/et_pb_column][\/et_pb_row][et_pb_row column_structure=&#8221;1_4,1_4,1_4,1_4&#8243; _builder_version=&#8221;4.16&#8243; global_colors_info=&#8221;{}&#8221;][et_pb_column type=&#8221;1_4&#8243; _builder_version=&#8221;4.16&#8243; custom_padding=&#8221;|||&#8221; global_colors_info=&#8221;{}&#8221; custom_padding__hover=&#8221;|||&#8221;][et_pb_testimonial quote_icon_color=&#8221;#009900&#8243; _builder_version=&#8221;4.16&#8243; body_font=&#8221;||||||||&#8221; body_font_size=&#8221;18px&#8221; body_line_height=&#8221;1.9em&#8221; use_background_color=&#8221;off&#8221; global_colors_info=&#8221;{}&#8221;]<\/p>\n<p>Con\u00e8ixer el talent i estil de treball dels meus companys m&#8217;ha perm\u00e8s veure la realitat d&#8217;una manera diferent, em fixo m\u00e9s en el seu estil de personalitat i he millorat molt la relaci\u00f3 amb tot l&#8217;equip.<\/p>\n<p>[\/et_pb_testimonial][\/et_pb_column][et_pb_column type=&#8221;1_4&#8243; _builder_version=&#8221;4.16&#8243; custom_padding=&#8221;|||&#8221; global_colors_info=&#8221;{}&#8221; custom_padding__hover=&#8221;|||&#8221;][et_pb_testimonial quote_icon_color=&#8221;#ff6400&#8243; _builder_version=&#8221;4.16&#8243; body_font=&#8221;||||||||&#8221; body_font_size=&#8221;18px&#8221; body_line_height=&#8221;1.9em&#8221; use_background_color=&#8221;off&#8221; global_colors_info=&#8221;{}&#8221;]<\/p>\n<p>Aquesta formaci\u00f3 ha estat un 2\u00d71, ha estat molt \u00fatil per a la meva feina i la meva vida personal.<\/p>\n<p>[\/et_pb_testimonial][\/et_pb_column][et_pb_column type=&#8221;1_4&#8243; _builder_version=&#8221;4.16&#8243; custom_padding=&#8221;|||&#8221; global_colors_info=&#8221;{}&#8221; custom_padding__hover=&#8221;|||&#8221;][et_pb_testimonial quote_icon_color=&#8221;#009900&#8243; _builder_version=&#8221;4.16&#8243; body_font=&#8221;||||||||&#8221; body_font_size=&#8221;18px&#8221; body_line_height=&#8221;1.9em&#8221; use_background_color=&#8221;off&#8221; locked=&#8221;off&#8221; global_colors_info=&#8221;{}&#8221;]<\/p>\n<p>Amb les din\u00e0miques grupals han sorgit idees i opinions de l&#8217;equip que desconeix\u00edem, han sortit els nostres frens per a canviar i la nostra for\u00e7a per a aconseguir els objectius marcats.<\/p>\n<p>[\/et_pb_testimonial][\/et_pb_column][et_pb_column type=&#8221;1_4&#8243; _builder_version=&#8221;4.16&#8243; custom_padding=&#8221;|||&#8221; global_colors_info=&#8221;{}&#8221; custom_padding__hover=&#8221;|||&#8221;][et_pb_testimonial quote_icon_color=&#8221;#FF6400&#8243; _builder_version=&#8221;4.16&#8243; body_font=&#8221;||||||||&#8221; body_font_size=&#8221;18px&#8221; body_line_height=&#8221;1.9em&#8221; use_background_color=&#8221;off&#8221; locked=&#8221;off&#8221; global_colors_info=&#8221;{}&#8221;]<\/p>\n<p>El taller de creativitat va ser un gran punt de partida, ens ho vam passar b\u00e9 i va ser molt pr\u00e0ctic per a comen\u00e7ar a implantar canvis en el nostre equip.<\/p>\n<p>[\/et_pb_testimonial][\/et_pb_column][\/et_pb_row][\/et_pb_section][et_pb_section fb_built=&#8221;1&#8243; _builder_version=&#8221;4.16&#8243; custom_padding=&#8221;1px|||||&#8221; global_colors_info=&#8221;{}&#8221;][et_pb_row custom_padding_last_edited=&#8221;on|phone&#8221; _builder_version=&#8221;4.16&#8243; custom_padding_tablet=&#8221;&#8221; custom_padding_phone=&#8221;0px||118px||false|false&#8221; global_colors_info=&#8221;{}&#8221;][et_pb_column type=&#8221;4_4&#8243; _builder_version=&#8221;4.16&#8243; global_colors_info=&#8221;{}&#8221;][et_pb_cta button_url=&#8221;http:\/\/www.entretalent.com\/ca\/contacte\/&#8221; button_text=&#8221;Ho vull&#8221; _builder_version=&#8221;4.16&#8243; background_color=&#8221;#FF6400&#8243; background_enable_image=&#8221;off&#8221; background_size=&#8221;contain&#8221; background_position=&#8221;center_right&#8221; custom_button=&#8221;on&#8221; box_shadow_style=&#8221;preset1&#8243; global_colors_info=&#8221;{}&#8221;]<\/p>\n<h2>Vols que t\u2019ajudem a assolir <strong>m\u00e9s beneficis <\/strong>millorant<\/h2>\n<h2>\u00a0l&#8217;experi\u00e8ncia dels teus <strong>empleats<\/strong> i la dels teus <strong>clients<\/strong>?<\/h2>\n<p>[\/et_pb_cta][et_pb_image src=&#8221;http:\/\/www.entretalent.com\/wp-content\/uploads\/2020\/03\/diamante.png&#8221; _builder_version=&#8221;4.16&#8243; width=&#8221;28%&#8221; custom_margin=&#8221;-270px|||-98px|false|false&#8221; custom_margin_tablet=&#8221;&#8221; custom_margin_phone=&#8221;-263px||-114px|0px|false|false&#8221; custom_margin_last_edited=&#8221;on|phone&#8221; custom_padding=&#8221;133px|0px|0px|0px|false|false&#8221; filter_opacity=&#8221;15%&#8221; global_colors_info=&#8221;{}&#8221;][\/et_pb_image][\/et_pb_column][\/et_pb_row][\/et_pb_section]<\/p>\n","protected":false},"excerpt":{"rendered":"<p>ConsulToria i Formaci\u00f3ENTREnem i ENTREllacem compet\u00e8ncies per aportar valor i benestar als teus empleats i clients.\u00a0Necessites reduir la rotaci\u00f3 de personal i retenir al m\u00e0xim al talent a la teva empresa? Has de \u00a0millorar l&#8217;acompliment de la plantilla per a afrontar millor els canvis? La teva companyia necessita innovar i busques fomentar la creativitat dels [&hellip;]<\/p>\n","protected":false},"author":1,"featured_media":0,"parent":0,"menu_order":0,"comment_status":"closed","ping_status":"closed","template":"","meta":{"_et_pb_use_builder":"on","_et_pb_old_content":"","_et_gb_content_width":""},"yoast_head":"<!-- This site is optimized with the Yoast SEO plugin v19.9 - https:\/\/yoast.com\/wordpress\/plugins\/seo\/ -->\n<title>Consultoria i formaci\u00f3 - EntreTalent<\/title>\n<meta name=\"robots\" content=\"index, follow, max-snippet:-1, max-image-preview:large, max-video-preview:-1\" \/>\n<link rel=\"canonical\" href=\"https:\/\/www.entretalent.com\/ca\/consultoria-i-formacio\/\" \/>\n<meta property=\"og:locale\" content=\"ca_ES\" \/>\n<meta property=\"og:type\" content=\"article\" \/>\n<meta property=\"og:title\" content=\"Consultoria i formaci\u00f3 - EntreTalent\" \/>\n<meta property=\"og:description\" content=\"ConsulToria i Formaci\u00f3ENTREnem i ENTREllacem compet\u00e8ncies per aportar valor i benestar als teus empleats i clients.\u00a0Necessites reduir la rotaci\u00f3 de personal i retenir al m\u00e0xim al talent a la teva empresa? Has de \u00a0millorar l&#039;acompliment de la plantilla per a afrontar millor els canvis? La teva companyia necessita innovar i busques fomentar la creativitat dels [&hellip;]\" \/>\n<meta property=\"og:url\" content=\"https:\/\/www.entretalent.com\/ca\/consultoria-i-formacio\/\" \/>\n<meta property=\"og:site_name\" content=\"EntreTalent\" \/>\n<meta property=\"article:modified_time\" content=\"2025-02-10T11:05:19+00:00\" \/>\n<meta name=\"twitter:card\" content=\"summary_large_image\" \/>\n<meta name=\"twitter:label1\" content=\"Temps estimat de lectura\" \/>\n\t<meta name=\"twitter:data1\" content=\"10 minuts\" \/>\n<script type=\"application\/ld+json\" class=\"yoast-schema-graph\">{\"@context\":\"https:\/\/schema.org\",\"@graph\":[{\"@type\":\"WebPage\",\"@id\":\"https:\/\/www.entretalent.com\/ca\/consultoria-i-formacio\/\",\"url\":\"https:\/\/www.entretalent.com\/ca\/consultoria-i-formacio\/\",\"name\":\"Consultoria i formaci\u00f3 - EntreTalent\",\"isPartOf\":{\"@id\":\"https:\/\/www.entretalent.com\/#website\"},\"datePublished\":\"2021-11-06T11:42:57+00:00\",\"dateModified\":\"2025-02-10T11:05:19+00:00\",\"breadcrumb\":{\"@id\":\"https:\/\/www.entretalent.com\/ca\/consultoria-i-formacio\/#breadcrumb\"},\"inLanguage\":\"ca\",\"potentialAction\":[{\"@type\":\"ReadAction\",\"target\":[\"https:\/\/www.entretalent.com\/ca\/consultoria-i-formacio\/\"]}]},{\"@type\":\"BreadcrumbList\",\"@id\":\"https:\/\/www.entretalent.com\/ca\/consultoria-i-formacio\/#breadcrumb\",\"itemListElement\":[{\"@type\":\"ListItem\",\"position\":1,\"name\":\"Portada\",\"item\":\"https:\/\/www.entretalent.com\/ca\/\"},{\"@type\":\"ListItem\",\"position\":2,\"name\":\"Consultoria i formaci\u00f3\"}]},{\"@type\":\"WebSite\",\"@id\":\"https:\/\/www.entretalent.com\/#website\",\"url\":\"https:\/\/www.entretalent.com\/\",\"name\":\"EntreTalent\",\"description\":\"RRHH\",\"potentialAction\":[{\"@type\":\"SearchAction\",\"target\":{\"@type\":\"EntryPoint\",\"urlTemplate\":\"https:\/\/www.entretalent.com\/?s={search_term_string}\"},\"query-input\":\"required name=search_term_string\"}],\"inLanguage\":\"ca\"}]}<\/script>\n<!-- \/ Yoast SEO plugin. -->","yoast_head_json":{"title":"Consultoria i formaci\u00f3 - EntreTalent","robots":{"index":"index","follow":"follow","max-snippet":"max-snippet:-1","max-image-preview":"max-image-preview:large","max-video-preview":"max-video-preview:-1"},"canonical":"https:\/\/www.entretalent.com\/ca\/consultoria-i-formacio\/","og_locale":"ca_ES","og_type":"article","og_title":"Consultoria i formaci\u00f3 - EntreTalent","og_description":"ConsulToria i Formaci\u00f3ENTREnem i ENTREllacem compet\u00e8ncies per aportar valor i benestar als teus empleats i clients.\u00a0Necessites reduir la rotaci\u00f3 de personal i retenir al m\u00e0xim al talent a la teva empresa? Has de \u00a0millorar l'acompliment de la plantilla per a afrontar millor els canvis? La teva companyia necessita innovar i busques fomentar la creativitat dels [&hellip;]","og_url":"https:\/\/www.entretalent.com\/ca\/consultoria-i-formacio\/","og_site_name":"EntreTalent","article_modified_time":"2025-02-10T11:05:19+00:00","twitter_card":"summary_large_image","twitter_misc":{"Temps estimat de lectura":"10 minuts"},"schema":{"@context":"https:\/\/schema.org","@graph":[{"@type":"WebPage","@id":"https:\/\/www.entretalent.com\/ca\/consultoria-i-formacio\/","url":"https:\/\/www.entretalent.com\/ca\/consultoria-i-formacio\/","name":"Consultoria i formaci\u00f3 - EntreTalent","isPartOf":{"@id":"https:\/\/www.entretalent.com\/#website"},"datePublished":"2021-11-06T11:42:57+00:00","dateModified":"2025-02-10T11:05:19+00:00","breadcrumb":{"@id":"https:\/\/www.entretalent.com\/ca\/consultoria-i-formacio\/#breadcrumb"},"inLanguage":"ca","potentialAction":[{"@type":"ReadAction","target":["https:\/\/www.entretalent.com\/ca\/consultoria-i-formacio\/"]}]},{"@type":"BreadcrumbList","@id":"https:\/\/www.entretalent.com\/ca\/consultoria-i-formacio\/#breadcrumb","itemListElement":[{"@type":"ListItem","position":1,"name":"Portada","item":"https:\/\/www.entretalent.com\/ca\/"},{"@type":"ListItem","position":2,"name":"Consultoria i formaci\u00f3"}]},{"@type":"WebSite","@id":"https:\/\/www.entretalent.com\/#website","url":"https:\/\/www.entretalent.com\/","name":"EntreTalent","description":"RRHH","potentialAction":[{"@type":"SearchAction","target":{"@type":"EntryPoint","urlTemplate":"https:\/\/www.entretalent.com\/?s={search_term_string}"},"query-input":"required name=search_term_string"}],"inLanguage":"ca"}]}},"_links":{"self":[{"href":"https:\/\/www.entretalent.com\/ca\/wp-json\/wp\/v2\/pages\/1229"}],"collection":[{"href":"https:\/\/www.entretalent.com\/ca\/wp-json\/wp\/v2\/pages"}],"about":[{"href":"https:\/\/www.entretalent.com\/ca\/wp-json\/wp\/v2\/types\/page"}],"author":[{"embeddable":true,"href":"https:\/\/www.entretalent.com\/ca\/wp-json\/wp\/v2\/users\/1"}],"replies":[{"embeddable":true,"href":"https:\/\/www.entretalent.com\/ca\/wp-json\/wp\/v2\/comments?post=1229"}],"version-history":[{"count":16,"href":"https:\/\/www.entretalent.com\/ca\/wp-json\/wp\/v2\/pages\/1229\/revisions"}],"predecessor-version":[{"id":1933,"href":"https:\/\/www.entretalent.com\/ca\/wp-json\/wp\/v2\/pages\/1229\/revisions\/1933"}],"wp:attachment":[{"href":"https:\/\/www.entretalent.com\/ca\/wp-json\/wp\/v2\/media?parent=1229"}],"curies":[{"name":"wp","href":"https:\/\/api.w.org\/{rel}","templated":true}]}}