{"id":1232,"date":"2021-11-06T12:03:57","date_gmt":"2021-11-06T12:03:57","guid":{"rendered":"http:\/\/www.entretalent.com\/seleccio-i-avaluacio-de-personal\/"},"modified":"2023-07-24T09:08:32","modified_gmt":"2023-07-24T09:08:32","slug":"seleccio-i-avaluacio-de-personal","status":"publish","type":"page","link":"https:\/\/www.entretalent.com\/ca\/seleccio-i-avaluacio-de-personal\/","title":{"rendered":"Selecci\u00f3 i avaluaci\u00f3 de personal"},"content":{"rendered":"<p>[et_pb_section fb_built=&#8221;1&#8243; fullwidth=&#8221;on&#8221; admin_label=&#8221;Hero&#8221; _builder_version=&#8221;4.16&#8243; background_enable_image=&#8221;off&#8221; parallax=&#8221;on&#8221; global_colors_info=&#8221;{}&#8221;][et_pb_fullwidth_header content_max_width=&#8221;700px&#8221; _builder_version=&#8221;4.16&#8243; title_font=&#8221;Gadugi|700|||||||&#8221; title_font_size=&#8221;40px&#8221; title_line_height=&#8221;1.5em&#8221; content_font=&#8221;Nunito|600|||||||&#8221; content_font_size=&#8221;20px&#8221; subhead_font=&#8221;Gadugi|700|||||||&#8221; subhead_font_size=&#8221;30px&#8221; subhead_line_height=&#8221;1.8em&#8221; background_color=&#8221;rgba(0,0,0,0)&#8221; use_background_color_gradient=&#8221;on&#8221; background_color_gradient_direction=&#8221;220deg&#8221; background_color_gradient_stops=&#8221;rgba(53,80,160,0.27) 0%|#ffffff 100%&#8221; background_color_gradient_overlays_image=&#8221;on&#8221; background_color_gradient_start=&#8221;rgba(53,80,160,0.27)&#8221; background_color_gradient_end=&#8221;#ffffff&#8221; custom_button_one=&#8221;on&#8221; button_one_text_size=&#8221;16px&#8221; button_one_text_color=&#8221;#3550a0&#8243; button_one_bg_color=&#8221;#ffffff&#8221; button_one_border_width=&#8221;10px&#8221; button_one_border_color=&#8221;rgba(210,159,104,0)&#8221; button_one_border_radius=&#8221;100px&#8221; button_one_font=&#8221;Lato|900|||||||&#8221; button_one_use_icon=&#8221;off&#8221; custom_button_two=&#8221;on&#8221; button_two_text_size=&#8221;16px&#8221; button_two_text_color=&#8221;#ffffff&#8221; button_two_bg_color=&#8221;rgba(255,255,255,0.15)&#8221; button_two_border_width=&#8221;10px&#8221; button_two_border_color=&#8221;rgba(210,159,104,0)&#8221; button_two_border_radius=&#8221;100px&#8221; button_two_font=&#8221;Lato|900|||||||&#8221; button_two_use_icon=&#8221;off&#8221; custom_margin=&#8221;|||&#8221; custom_padding=&#8221;0vw||0vw||false|false&#8221; custom_padding_tablet=&#8221;20vw||20vw||true&#8221; custom_padding_phone=&#8221;20vw||20vw||true&#8221; custom_padding_last_edited=&#8221;on|desktop&#8221; title_font_size_tablet=&#8221;50px&#8221; title_font_size_phone=&#8221;32px&#8221; title_font_size_last_edited=&#8221;on|tablet&#8221; button_one_text_color_hover=&#8221;#3550a0&#8243; button_two_text_color_hover=&#8221;#ffffff&#8221; button_one_bg_color_hover=&#8221;rgba(255,255,255,0.8)&#8221; button_two_bg_color_hover=&#8221;rgba(255,255,255,0.3)&#8221; global_colors_info=&#8221;{}&#8221; button_one_text_size__hover_enabled=&#8221;off&#8221; button_two_text_size__hover_enabled=&#8221;off&#8221; button_one_text_color__hover_enabled=&#8221;on&#8221; button_one_text_color__hover=&#8221;#3550a0&#8243; button_two_text_color__hover_enabled=&#8221;on&#8221; button_two_text_color__hover=&#8221;#ffffff&#8221; button_one_border_width__hover_enabled=&#8221;off&#8221; button_two_border_width__hover_enabled=&#8221;off&#8221; button_one_border_color__hover_enabled=&#8221;off&#8221; button_two_border_color__hover_enabled=&#8221;off&#8221; button_one_border_radius__hover_enabled=&#8221;off&#8221; button_two_border_radius__hover_enabled=&#8221;off&#8221; button_one_letter_spacing__hover_enabled=&#8221;off&#8221; button_two_letter_spacing__hover_enabled=&#8221;off&#8221; button_one_bg_color__hover_enabled=&#8221;on&#8221; button_one_bg_color__hover=&#8221;rgba(255,255,255,0.8)&#8221; button_two_bg_color__hover_enabled=&#8221;on&#8221; button_two_bg_color__hover=&#8221;rgba(255,255,255,0.3)&#8221;]<\/p>\n<h1><span style=\"color: #008000;\">Selecci\u00f3 i Avaluaci\u00f3 de Personal<\/span><\/h1>\n<p>[\/et_pb_fullwidth_header][\/et_pb_section][et_pb_section fb_built=&#8221;1&#8243; disabled_on=&#8221;off|off|off&#8221; admin_label=&#8221;About&#8221; _builder_version=&#8221;4.16&#8243; custom_padding=&#8221;27px||0px|||&#8221; global_colors_info=&#8221;{}&#8221;][et_pb_row _builder_version=&#8221;4.16&#8243; background_color=&#8221;#009900&#8243; background_image=&#8221;http:\/\/www.entretalent.com\/wp-content\/uploads\/2020\/07\/seleccion-evaluacion-personal.jpg&#8221; min_height=&#8221;140px&#8221; custom_padding=&#8221;10px||0px||false|false&#8221; global_colors_info=&#8221;{}&#8221;][et_pb_column type=&#8221;4_4&#8243; _builder_version=&#8221;4.16&#8243; background_color=&#8221;rgba(0,0,0,0)&#8221; background_enable_image=&#8221;off&#8221; background_size=&#8221;initial&#8221; background_blend=&#8221;lighten&#8221; custom_padding=&#8221;0px||||false|false&#8221; global_colors_info=&#8221;{}&#8221; custom_padding__hover=&#8221;|||&#8221;][et_pb_cta button_url=&#8221;#top&#8221; admin_label=&#8221;CTA&#8221; _builder_version=&#8221;4.16&#8243; header_font=&#8221;Gadugi|700|||||||&#8221; header_text_color=&#8221;#ff6600&#8243; header_font_size=&#8221;40px&#8221; header_line_height=&#8221;1.5em&#8221; body_font=&#8221;Gadugi|700|||||||&#8221; body_text_color=&#8221;#ff6600&#8243; body_font_size=&#8221;20px&#8221; background_color=&#8221;rgba(255,255,255,0.8)&#8221; background_enable_image=&#8221;off&#8221; background_blend=&#8221;lighten&#8221; custom_button=&#8221;on&#8221; button_text_size=&#8221;16px&#8221; button_text_color=&#8221;#ffffff&#8221; button_bg_color=&#8221;rgba(255,255,255,0.1)&#8221; button_border_width=&#8221;10px&#8221; button_border_color=&#8221;rgba(210,159,104,0)&#8221; button_border_radius=&#8221;100px&#8221; button_font=&#8221;Lato|900|||||||&#8221; button_use_icon=&#8221;off&#8221; background_layout=&#8221;light&#8221; max_width=&#8221;900px&#8221; max_width_last_edited=&#8221;off|desktop&#8221; module_alignment=&#8221;center&#8221; min_height=&#8221;0px&#8221; custom_padding=&#8221;0px||0px||true|false&#8221; animation_style=&#8221;zoom&#8221; animation_intensity_zoom=&#8221;2%&#8221; header_font_size_tablet=&#8221;30px&#8221; header_font_size_phone=&#8221;24px&#8221; header_font_size_last_edited=&#8221;on|phone&#8221; box_shadow_style=&#8221;preset3&#8243; box_shadow_vertical=&#8221;100px&#8221; box_shadow_blur=&#8221;100px&#8221; box_shadow_spread=&#8221;-60px&#8221; button_text_color_hover=&#8221;#3550a0&#8243; button_bg_color_hover=&#8221;#ffffff&#8221; global_colors_info=&#8221;{}&#8221; button_text_size__hover_enabled=&#8221;off&#8221; button_one_text_size__hover_enabled=&#8221;off&#8221; button_two_text_size__hover_enabled=&#8221;off&#8221; button_text_color__hover_enabled=&#8221;on&#8221; button_text_color__hover=&#8221;#3550a0&#8243; button_one_text_color__hover_enabled=&#8221;off&#8221; button_two_text_color__hover_enabled=&#8221;off&#8221; button_border_width__hover_enabled=&#8221;off&#8221; button_one_border_width__hover_enabled=&#8221;off&#8221; button_two_border_width__hover_enabled=&#8221;off&#8221; button_border_color__hover_enabled=&#8221;off&#8221; button_one_border_color__hover_enabled=&#8221;off&#8221; button_two_border_color__hover_enabled=&#8221;off&#8221; button_border_radius__hover_enabled=&#8221;off&#8221; button_one_border_radius__hover_enabled=&#8221;off&#8221; button_two_border_radius__hover_enabled=&#8221;off&#8221; button_letter_spacing__hover_enabled=&#8221;off&#8221; button_one_letter_spacing__hover_enabled=&#8221;off&#8221; button_two_letter_spacing__hover_enabled=&#8221;off&#8221; button_bg_color__hover_enabled=&#8221;on&#8221; button_bg_color__hover=&#8221;#ffffff&#8221; button_one_bg_color__hover_enabled=&#8221;off&#8221; button_two_bg_color__hover_enabled=&#8221;off&#8221;]<\/p>\n<h2>ENTREvistem persones<\/h2>\n<p>per seleccionar i avaluar el millor talent per a tu.<\/p>\n<p>[\/et_pb_cta][\/et_pb_column][\/et_pb_row][et_pb_row _builder_version=&#8221;4.16&#8243; global_colors_info=&#8221;{}&#8221;][et_pb_column type=&#8221;4_4&#8243; _builder_version=&#8221;4.16&#8243; custom_padding=&#8221;|||&#8221; global_colors_info=&#8221;{}&#8221; custom_padding__hover=&#8221;|||&#8221;][et_pb_text _builder_version=&#8221;4.16&#8243; text_font=&#8221;Gadugi||||||||&#8221; text_font_size=&#8221;16px&#8221; text_line_height=&#8221;1.8em&#8221; header_font=&#8221;Gadugi||||||||&#8221; header_2_font=&#8221;Gadugi|700|||||||&#8221; header_2_font_size=&#8221;40px&#8221; header_2_line_height=&#8221;1.5em&#8221; header_3_font=&#8221;Gadugi|700|||||||&#8221; header_3_text_align=&#8221;center&#8221; header_3_line_height=&#8221;1.5em&#8221; header_6_font=&#8221;||||||||&#8221; max_width=&#8221;987px&#8221; max_width_last_edited=&#8221;off|desktop&#8221; custom_margin=&#8221;|||&#8221; custom_padding=&#8221;|||86px||&#8221; custom_padding_tablet=&#8221;&#8221; custom_padding_phone=&#8221;|||0px|false|false&#8221; custom_padding_last_edited=&#8221;on|phone&#8221; header_2_font_size_tablet=&#8221;30px&#8221; header_2_font_size_phone=&#8221;24px&#8221; header_2_font_size_last_edited=&#8221;on|phone&#8221; locked=&#8221;off&#8221; global_colors_info=&#8221;{}&#8221;]<\/p>\n<h3>Necessites encertar i assegurar la selecci\u00f3 d&#8217;un nou empleat?<\/h3>\n<h3>Vols con\u00e8ixer el capital hum\u00e0 de la teva empresa, <br \/>per a treure el m\u00e0xim rendiment de tot el potencial?<\/h3>\n<h3>Necessites con\u00e8ixer el tarann\u00e0 i potencial d&#8217;una persona a dist\u00e0ncia?<\/h3>\n<p>[\/et_pb_text][\/et_pb_column][\/et_pb_row][\/et_pb_section][et_pb_section fb_built=&#8221;1&#8243; disabled_on=&#8221;off|off|off&#8221; admin_label=&#8221;About&#8221; _builder_version=&#8221;4.16&#8243; background_color=&#8221;#ffffff&#8221; use_background_color_gradient=&#8221;on&#8221; background_color_gradient_stops=&#8221;#ffffff 0%|rgba(0,0,0,0) 100%&#8221; background_color_gradient_overlays_image=&#8221;on&#8221; background_color_gradient_start=&#8221;#ffffff&#8221; background_color_gradient_end=&#8221;rgba(0,0,0,0)&#8221; background_image=&#8221;http:\/\/www.entretalent.com\/wp-content\/uploads\/2020\/03\/neurona.jpg&#8221; custom_padding=&#8221;0px||0px|||&#8221; global_colors_info=&#8221;{}&#8221;][et_pb_row column_structure=&#8221;2_5,3_5&#8243; _builder_version=&#8221;4.16&#8243; module_alignment=&#8221;center&#8221; custom_margin=&#8221;|207px||207px||true&#8221; custom_padding=&#8221;74px|||||&#8221; global_colors_info=&#8221;{}&#8221;][et_pb_column type=&#8221;2_5&#8243; _builder_version=&#8221;4.16&#8243; custom_padding=&#8221;|||&#8221; global_colors_info=&#8221;{}&#8221; custom_padding__hover=&#8221;|||&#8221;][et_pb_text _builder_version=&#8221;4.16&#8243; text_font=&#8221;Gadugi||||||||&#8221; text_text_color=&#8221;#000000&#8243; text_font_size=&#8221;22px&#8221; text_line_height=&#8221;1.9em&#8221; header_font=&#8221;||||||||&#8221; header_3_font=&#8221;Lato|700||on|||||&#8221; header_3_text_color=&#8221;#3550a0&#8243; header_3_font_size=&#8221;24px&#8221; header_3_line_height=&#8221;1.7em&#8221; header_6_font=&#8221;||||||||&#8221; background_color=&#8221;rgba(255,255,255,0.7)&#8221; max_width=&#8221;627px&#8221; max_width_last_edited=&#8221;off|desktop&#8221; custom_margin=&#8221;|||0px|false|false&#8221; custom_padding=&#8221;20px|20px|20px|20px|false|false&#8221; header_3_font_size_tablet=&#8221;&#8221; header_3_font_size_phone=&#8221;20px&#8221; header_3_font_size_last_edited=&#8221;on|desktop&#8221; locked=&#8221;off&#8221; global_colors_info=&#8221;{}&#8221;]<\/p>\n<p justify=\"\" 22=\"\">L&#8217;experi\u00e8ncia de <strong>m\u00e9s de 25 anys<\/strong>, realitzant <strong>m\u00e9s de 10.000 entrevistes<\/strong> de selecci\u00f3 de personal juntament amb la combinaci\u00f3 de gran varietat de <strong>t\u00e8cniques d&#8217;avaluaci\u00f3 psicoprofessionals<\/strong>, ens permet oferir un coneixement <strong>valu\u00f3s<\/strong> per a avaluar talent i assolir uns resultats amb <strong>alts est\u00e0ndards de qualitat,\u00a0 <\/strong>aportant profesionals amb gran talent a les empreses client.<\/p>\n<p>[\/et_pb_text][\/et_pb_column][et_pb_column type=&#8221;3_5&#8243; _builder_version=&#8221;4.16&#8243; custom_padding=&#8221;|||&#8221; global_colors_info=&#8221;{}&#8221; custom_padding__hover=&#8221;|||&#8221;][et_pb_text _builder_version=&#8221;4.16&#8243; text_font=&#8221;Gadugi|700|||||||&#8221; text_font_size=&#8221;16px&#8221; text_line_height=&#8221;1.5em&#8221; ul_font_size=&#8221;22px&#8221; ul_line_height=&#8221;1.8em&#8221; header_font=&#8221;Gadugi||||||||&#8221; header_3_font=&#8221;Gadugi|700||on|||||&#8221; header_3_text_color=&#8221;#3550a0&#8243; header_3_font_size=&#8221;25px&#8221; header_3_line_height=&#8221;1.7em&#8221; header_6_font=&#8221;||||||||&#8221; background_color=&#8221;rgba(255,255,255,0.7)&#8221; max_width=&#8221;600px&#8221; max_width_last_edited=&#8221;off|desktop&#8221; min_height=&#8221;532px&#8221; custom_margin=&#8221;|-18px||||&#8221; custom_padding=&#8221;33px|40px|33px|40px|true|false&#8221; header_3_font_size_tablet=&#8221;&#8221; header_3_font_size_phone=&#8221;20px&#8221; header_3_font_size_last_edited=&#8221;on|desktop&#8221; locked=&#8221;off&#8221; global_colors_info=&#8221;{}&#8221;]<\/p>\n<h3 style=\"text-align: center;\"><span style=\"color: #008000;\">gesti\u00f3 del talent<\/span><\/h3>\n<ul>\n<li>Selecci\u00f3 de personal.\u00a0<\/li>\n<\/ul>\n<ul>\n<li>Recerca directa \/ <em>Headhunting : <\/em>Alta direcci\u00f3, Comandaments intermedis i T\u00e8cnics.<\/li>\n<\/ul>\n<ul>\n<li>Identificaci\u00f3 del talent intern: Avaluaci\u00f3 capital hum\u00e0.<\/li>\n<\/ul>\n<ul>\n<li>Informes de Grafologia i Morfopsicologia de la cara.<\/li>\n<\/ul>\n<p>&nbsp;<\/p>\n<p>[\/et_pb_text][\/et_pb_column][\/et_pb_row][\/et_pb_section][et_pb_section fb_built=&#8221;1&#8243; admin_label=&#8221;Testimonials&#8221; _builder_version=&#8221;4.16&#8243; global_colors_info=&#8221;{}&#8221;][et_pb_row _builder_version=&#8221;4.16&#8243; global_colors_info=&#8221;{}&#8221;][et_pb_column type=&#8221;4_4&#8243; _builder_version=&#8221;4.16&#8243; global_colors_info=&#8221;{}&#8221;][et_pb_text _builder_version=&#8221;4.16&#8243; header_3_font=&#8221;Gadugi|||on|||||&#8221; header_3_text_color=&#8221;#ff6400&#8243; header_3_font_size=&#8221;30px&#8221; global_colors_info=&#8221;{}&#8221;]<\/p>\n<h3 style=%22text-align: center;%22>opinions<\/h3>\n<p>[\/et_pb_text][\/et_pb_column][\/et_pb_row][et_pb_row column_structure=&#8221;1_4,1_4,1_4,1_4&#8243; _builder_version=&#8221;4.16&#8243; global_colors_info=&#8221;{}&#8221;][et_pb_column type=&#8221;1_4&#8243; _builder_version=&#8221;4.16&#8243; custom_padding=&#8221;|||&#8221; global_colors_info=&#8221;{}&#8221; custom_padding__hover=&#8221;|||&#8221;][et_pb_testimonial quote_icon_color=&#8221;#009900&#8243; _builder_version=&#8221;4.16&#8243; body_font=&#8221;||||||||&#8221; body_font_size=&#8221;18px&#8221; body_line_height=&#8221;1.9em&#8221; use_background_color=&#8221;off&#8221; global_colors_info=&#8221;{}&#8221;]<\/p>\n<p>Una incorporaci\u00f3 molt exitosa, va ser un encert l&#8217;elecci\u00f3 d\u2019EntreTalent.<\/p>\n<p>[\/et_pb_testimonial][\/et_pb_column][et_pb_column type=&#8221;1_4&#8243; _builder_version=&#8221;4.16&#8243; custom_padding=&#8221;|||&#8221; global_colors_info=&#8221;{}&#8221; custom_padding__hover=&#8221;|||&#8221;][et_pb_testimonial quote_icon_color=&#8221;#ff6400&#8243; _builder_version=&#8221;4.16&#8243; body_font=&#8221;||||||||&#8221; body_font_size=&#8221;18px&#8221; body_line_height=&#8221;1.9em&#8221; use_background_color=&#8221;off&#8221; global_colors_info=&#8221;{}&#8221;]<\/p>\n<p>\u00c9s un plaer treballar amb EntreTalent, les persones incorporades s\u00f3n genials.<\/p>\n<p>[\/et_pb_testimonial][\/et_pb_column][et_pb_column type=&#8221;1_4&#8243; _builder_version=&#8221;4.16&#8243; custom_padding=&#8221;|||&#8221; global_colors_info=&#8221;{}&#8221; custom_padding__hover=&#8221;|||&#8221;][et_pb_testimonial quote_icon_color=&#8221;#009900&#8243; _builder_version=&#8221;4.16&#8243; body_font=&#8221;||||||||&#8221; body_font_size=&#8221;18px&#8221; body_line_height=&#8221;1.9em&#8221; use_background_color=&#8221;off&#8221; locked=&#8221;off&#8221; global_colors_info=&#8221;{}&#8221;]<\/p>\n<p>Vaig quedar sorpresa de com em va definir a una persona nom\u00e9s veient la lletra d&#8217;una carta. Al\u00b7lucinant!<\/p>\n<p>[\/et_pb_testimonial][\/et_pb_column][et_pb_column type=&#8221;1_4&#8243; _builder_version=&#8221;4.16&#8243; custom_padding=&#8221;|||&#8221; global_colors_info=&#8221;{}&#8221; custom_padding__hover=&#8221;|||&#8221;][et_pb_testimonial quote_icon_color=&#8221;#FF6400&#8243; _builder_version=&#8221;4.16&#8243; body_font=&#8221;||||||||&#8221; body_font_size=&#8221;18px&#8221; body_line_height=&#8221;1.9em&#8221; use_background_color=&#8221;off&#8221; locked=&#8221;off&#8221; global_colors_info=&#8221;{}&#8221;]<\/p>\n<p>Estic molt content del treball aconseguit a trav\u00e9s de EntreTalent. Gr\u00e0cies per seleccionar-me i per mantenir-me informat durant tot el proc\u00e9s de selecci\u00f3, molt bon tracte.<\/p>\n<p>[\/et_pb_testimonial][\/et_pb_column][\/et_pb_row][\/et_pb_section][et_pb_section fb_built=&#8221;1&#8243; _builder_version=&#8221;4.16&#8243; custom_padding=&#8221;1px|||||&#8221; global_colors_info=&#8221;{}&#8221;][et_pb_row _builder_version=&#8221;4.16&#8243; global_colors_info=&#8221;{}&#8221;][et_pb_column type=&#8221;4_4&#8243; _builder_version=&#8221;4.16&#8243; global_colors_info=&#8221;{}&#8221;][et_pb_cta button_url=&#8221;http:\/\/www.entretalent.com\/ca\/contacte\/&#8221; button_text=&#8221;Ho vull&#8221; _builder_version=&#8221;4.16&#8243; background_color=&#8221;#FF6400&#8243; background_enable_image=&#8221;off&#8221; background_size=&#8221;contain&#8221; background_position=&#8221;center_right&#8221; custom_button=&#8221;on&#8221; box_shadow_style=&#8221;preset1&#8243; global_colors_info=&#8221;{}&#8221;]<\/p>\n<h2>Vols que trobem el <strong>candidat\/a ideal<\/strong> per a la teva empresa<\/h2>\n<h2>amb <strong>garantia d&#8217;\u00e8xit<\/strong>?<br \/> I que els teus nous empleats es sentint <strong>feli\u00e7os<\/strong> de treballar amb tu?<\/h2>\n<p>[\/et_pb_cta][et_pb_image src=&#8221;http:\/\/www.entretalent.com\/wp-content\/uploads\/2020\/03\/diamante.png&#8221; _builder_version=&#8221;4.16&#8243; width=&#8221;28%&#8221; custom_margin=&#8221;-270px|||-98px|false|false&#8221; custom_margin_tablet=&#8221;&#8221; custom_margin_phone=&#8221;-126px|||11px|false|false&#8221; custom_margin_last_edited=&#8221;on|phone&#8221; filter_opacity=&#8221;15%&#8221; global_colors_info=&#8221;{}&#8221;][\/et_pb_image][\/et_pb_column][\/et_pb_row][\/et_pb_section]<\/p>\n","protected":false},"excerpt":{"rendered":"<p>Selecci\u00f3 i Avaluaci\u00f3 de PersonalENTREvistem persones per seleccionar i avaluar el millor talent per a tu.Necessites encertar i assegurar la selecci\u00f3 d&#8217;un nou empleat? Vols con\u00e8ixer el capital hum\u00e0 de la teva empresa, per a treure el m\u00e0xim rendiment de tot el potencial? Necessites con\u00e8ixer el tarann\u00e0 i potencial d&#8217;una persona a dist\u00e0ncia?L&#8217;experi\u00e8ncia de m\u00e9s [&hellip;]<\/p>\n","protected":false},"author":1,"featured_media":0,"parent":0,"menu_order":0,"comment_status":"closed","ping_status":"closed","template":"","meta":{"_et_pb_use_builder":"on","_et_pb_old_content":"","_et_gb_content_width":""},"yoast_head":"<!-- This site is optimized with the Yoast SEO plugin v19.9 - https:\/\/yoast.com\/wordpress\/plugins\/seo\/ -->\n<title>Selecci\u00f3 i avaluaci\u00f3 de personal - EntreTalent<\/title>\n<meta name=\"robots\" content=\"index, follow, max-snippet:-1, max-image-preview:large, max-video-preview:-1\" \/>\n<link rel=\"canonical\" href=\"https:\/\/www.entretalent.com\/ca\/seleccio-i-avaluacio-de-personal\/\" \/>\n<meta property=\"og:locale\" content=\"ca_ES\" \/>\n<meta property=\"og:type\" content=\"article\" \/>\n<meta property=\"og:title\" content=\"Selecci\u00f3 i avaluaci\u00f3 de personal - EntreTalent\" \/>\n<meta property=\"og:description\" content=\"Selecci\u00f3 i Avaluaci\u00f3 de PersonalENTREvistem persones per seleccionar i avaluar el millor talent per a tu.Necessites encertar i assegurar la selecci\u00f3 d&#039;un nou empleat? Vols con\u00e8ixer el capital hum\u00e0 de la teva empresa, per a treure el m\u00e0xim rendiment de tot el potencial? Necessites con\u00e8ixer el tarann\u00e0 i potencial d&#039;una persona a dist\u00e0ncia?L&#039;experi\u00e8ncia de m\u00e9s [&hellip;]\" \/>\n<meta property=\"og:url\" content=\"https:\/\/www.entretalent.com\/ca\/seleccio-i-avaluacio-de-personal\/\" \/>\n<meta property=\"og:site_name\" content=\"EntreTalent\" \/>\n<meta property=\"article:modified_time\" content=\"2023-07-24T09:08:32+00:00\" \/>\n<meta name=\"twitter:card\" content=\"summary_large_image\" \/>\n<meta name=\"twitter:label1\" content=\"Temps estimat de lectura\" \/>\n\t<meta name=\"twitter:data1\" content=\"9 minuts\" \/>\n<script type=\"application\/ld+json\" class=\"yoast-schema-graph\">{\"@context\":\"https:\/\/schema.org\",\"@graph\":[{\"@type\":\"WebPage\",\"@id\":\"https:\/\/www.entretalent.com\/ca\/seleccio-i-avaluacio-de-personal\/\",\"url\":\"https:\/\/www.entretalent.com\/ca\/seleccio-i-avaluacio-de-personal\/\",\"name\":\"Selecci\u00f3 i avaluaci\u00f3 de personal - EntreTalent\",\"isPartOf\":{\"@id\":\"https:\/\/www.entretalent.com\/#website\"},\"datePublished\":\"2021-11-06T12:03:57+00:00\",\"dateModified\":\"2023-07-24T09:08:32+00:00\",\"breadcrumb\":{\"@id\":\"https:\/\/www.entretalent.com\/ca\/seleccio-i-avaluacio-de-personal\/#breadcrumb\"},\"inLanguage\":\"ca\",\"potentialAction\":[{\"@type\":\"ReadAction\",\"target\":[\"https:\/\/www.entretalent.com\/ca\/seleccio-i-avaluacio-de-personal\/\"]}]},{\"@type\":\"BreadcrumbList\",\"@id\":\"https:\/\/www.entretalent.com\/ca\/seleccio-i-avaluacio-de-personal\/#breadcrumb\",\"itemListElement\":[{\"@type\":\"ListItem\",\"position\":1,\"name\":\"Portada\",\"item\":\"https:\/\/www.entretalent.com\/ca\/\"},{\"@type\":\"ListItem\",\"position\":2,\"name\":\"Selecci\u00f3 i avaluaci\u00f3 de personal\"}]},{\"@type\":\"WebSite\",\"@id\":\"https:\/\/www.entretalent.com\/#website\",\"url\":\"https:\/\/www.entretalent.com\/\",\"name\":\"EntreTalent\",\"description\":\"RRHH\",\"potentialAction\":[{\"@type\":\"SearchAction\",\"target\":{\"@type\":\"EntryPoint\",\"urlTemplate\":\"https:\/\/www.entretalent.com\/?s={search_term_string}\"},\"query-input\":\"required name=search_term_string\"}],\"inLanguage\":\"ca\"}]}<\/script>\n<!-- \/ Yoast SEO plugin. -->","yoast_head_json":{"title":"Selecci\u00f3 i avaluaci\u00f3 de personal - EntreTalent","robots":{"index":"index","follow":"follow","max-snippet":"max-snippet:-1","max-image-preview":"max-image-preview:large","max-video-preview":"max-video-preview:-1"},"canonical":"https:\/\/www.entretalent.com\/ca\/seleccio-i-avaluacio-de-personal\/","og_locale":"ca_ES","og_type":"article","og_title":"Selecci\u00f3 i avaluaci\u00f3 de personal - EntreTalent","og_description":"Selecci\u00f3 i Avaluaci\u00f3 de PersonalENTREvistem persones per seleccionar i avaluar el millor talent per a tu.Necessites encertar i assegurar la selecci\u00f3 d'un nou empleat? Vols con\u00e8ixer el capital hum\u00e0 de la teva empresa, per a treure el m\u00e0xim rendiment de tot el potencial? Necessites con\u00e8ixer el tarann\u00e0 i potencial d'una persona a dist\u00e0ncia?L'experi\u00e8ncia de m\u00e9s [&hellip;]","og_url":"https:\/\/www.entretalent.com\/ca\/seleccio-i-avaluacio-de-personal\/","og_site_name":"EntreTalent","article_modified_time":"2023-07-24T09:08:32+00:00","twitter_card":"summary_large_image","twitter_misc":{"Temps estimat de lectura":"9 minuts"},"schema":{"@context":"https:\/\/schema.org","@graph":[{"@type":"WebPage","@id":"https:\/\/www.entretalent.com\/ca\/seleccio-i-avaluacio-de-personal\/","url":"https:\/\/www.entretalent.com\/ca\/seleccio-i-avaluacio-de-personal\/","name":"Selecci\u00f3 i avaluaci\u00f3 de personal - EntreTalent","isPartOf":{"@id":"https:\/\/www.entretalent.com\/#website"},"datePublished":"2021-11-06T12:03:57+00:00","dateModified":"2023-07-24T09:08:32+00:00","breadcrumb":{"@id":"https:\/\/www.entretalent.com\/ca\/seleccio-i-avaluacio-de-personal\/#breadcrumb"},"inLanguage":"ca","potentialAction":[{"@type":"ReadAction","target":["https:\/\/www.entretalent.com\/ca\/seleccio-i-avaluacio-de-personal\/"]}]},{"@type":"BreadcrumbList","@id":"https:\/\/www.entretalent.com\/ca\/seleccio-i-avaluacio-de-personal\/#breadcrumb","itemListElement":[{"@type":"ListItem","position":1,"name":"Portada","item":"https:\/\/www.entretalent.com\/ca\/"},{"@type":"ListItem","position":2,"name":"Selecci\u00f3 i avaluaci\u00f3 de personal"}]},{"@type":"WebSite","@id":"https:\/\/www.entretalent.com\/#website","url":"https:\/\/www.entretalent.com\/","name":"EntreTalent","description":"RRHH","potentialAction":[{"@type":"SearchAction","target":{"@type":"EntryPoint","urlTemplate":"https:\/\/www.entretalent.com\/?s={search_term_string}"},"query-input":"required name=search_term_string"}],"inLanguage":"ca"}]}},"_links":{"self":[{"href":"https:\/\/www.entretalent.com\/ca\/wp-json\/wp\/v2\/pages\/1232"}],"collection":[{"href":"https:\/\/www.entretalent.com\/ca\/wp-json\/wp\/v2\/pages"}],"about":[{"href":"https:\/\/www.entretalent.com\/ca\/wp-json\/wp\/v2\/types\/page"}],"author":[{"embeddable":true,"href":"https:\/\/www.entretalent.com\/ca\/wp-json\/wp\/v2\/users\/1"}],"replies":[{"embeddable":true,"href":"https:\/\/www.entretalent.com\/ca\/wp-json\/wp\/v2\/comments?post=1232"}],"version-history":[{"count":8,"href":"https:\/\/www.entretalent.com\/ca\/wp-json\/wp\/v2\/pages\/1232\/revisions"}],"predecessor-version":[{"id":1608,"href":"https:\/\/www.entretalent.com\/ca\/wp-json\/wp\/v2\/pages\/1232\/revisions\/1608"}],"wp:attachment":[{"href":"https:\/\/www.entretalent.com\/ca\/wp-json\/wp\/v2\/media?parent=1232"}],"curies":[{"name":"wp","href":"https:\/\/api.w.org\/{rel}","templated":true}]}}